{"version":"1.0","provider_name":"Vins i Olis Su\u00f1er","provider_url":"https:\/\/vinsiolisuner.com\/es\/","author_name":"vinsiolisuner","author_url":"https:\/\/vinsiolisuner.com\/es\/author\/vinsiolisuner\/","title":"FERIA DO TARRAGONA 2016 | Vins i Olis Su\u00f1er","type":"rich","width":600,"height":338,"html":"<blockquote class=\"wp-embedded-content\" data-secret=\"uyV9xVkpJC\"><a href=\"https:\/\/vinsiolisuner.com\/es\/feria-do-tarragona-2016\/\">FERIA DO TARRAGONA 2016<\/a><\/blockquote><iframe sandbox=\"allow-scripts\" security=\"restricted\" src=\"https:\/\/vinsiolisuner.com\/es\/feria-do-tarragona-2016\/embed\/#?secret=uyV9xVkpJC\" width=\"600\" height=\"338\" title=\"\u00abFERIA DO TARRAGONA 2016\u00bb \u2014 Vins i Olis Su\u00f1er\" data-secret=\"uyV9xVkpJC\" frameborder=\"0\" marginwidth=\"0\" marginheight=\"0\" scrolling=\"no\" class=\"wp-embedded-content\"><\/iframe><script type=\"text\/javascript\">\n\/* <![CDATA[ *\/\n\/*! This file is auto-generated *\/\n!function(d,l){\"use strict\";l.querySelector&&d.addEventListener&&\"undefined\"!=typeof URL&&(d.wp=d.wp||{},d.wp.receiveEmbedMessage||(d.wp.receiveEmbedMessage=function(e){var t=e.data;if((t||t.secret||t.message||t.value)&&!\/[^a-zA-Z0-9]\/.test(t.secret)){for(var s,r,n,a=l.querySelectorAll('iframe[data-secret=\"'+t.secret+'\"]'),o=l.querySelectorAll('blockquote[data-secret=\"'+t.secret+'\"]'),c=new RegExp(\"^https?:$\",\"i\"),i=0;i<o.length;i++)o[i].style.display=\"none\";for(i=0;i<a.length;i++)s=a[i],e.source===s.contentWindow&&(s.removeAttribute(\"style\"),\"height\"===t.message?(1e3<(r=parseInt(t.value,10))?r=1e3:~~r<200&&(r=200),s.height=r):\"link\"===t.message&&(r=new URL(s.getAttribute(\"src\")),n=new URL(t.value),c.test(n.protocol))&&n.host===r.host&&l.activeElement===s&&(d.top.location.href=t.value))}},d.addEventListener(\"message\",d.wp.receiveEmbedMessage,!1),l.addEventListener(\"DOMContentLoaded\",function(){for(var e,t,s=l.querySelectorAll(\"iframe.wp-embedded-content\"),r=0;r<s.length;r++)(t=(e=s[r]).getAttribute(\"data-secret\"))||(t=Math.random().toString(36).substring(2,12),e.src+=\"#?secret=\"+t,e.setAttribute(\"data-secret\",t)),e.contentWindow.postMessage({message:\"ready\",secret:t},\"*\")},!1)))}(window,document);\n\/* ]]> *\/\n<\/script>\n","thumbnail_url":"https:\/\/vinsiolisuner.com\/wp-content\/uploads\/2016\/07\/IMG_6706-2.jpg","thumbnail_width":1600,"thumbnail_height":1600,"description":"El pasado jueves 2 de junio se celebr\u00f3 el acto de entrega de premios de la XXIIa edici\u00f3n del Concurso de vinos embotellados de la DO Tarragona. El Su\u00f1er Merlot sali\u00f3 galardonado con el primer premio de la categor\u00eda de negro envejecido en madera. Las catas a ciegas de los cerca de 90 vinos presentados,"}