{"id":906,"date":"2015-08-05T14:06:17","date_gmt":"2015-08-05T12:06:17","guid":{"rendered":"http:\/\/vinsiolisuner.com\/?page_id=906"},"modified":"2020-04-08T19:03:40","modified_gmt":"2020-04-08T17:03:40","slug":"vino-de-las-tierras-del-ebro","status":"publish","type":"page","link":"https:\/\/vinsiolisuner.com\/es\/vino-de-las-tierras-del-ebro\/","title":{"rendered":"Vino de las Terres de l&#8217;Ebre"},"content":{"rendered":"[expand title=\u00bb\u00bb]\n<h2>Vino de las Tierras del Ebro<\/h2>\n<p>Vino de las Tierras del Ebro de la mejor calidad. La bodega de Vinos y Aceites Su\u00f1er est\u00e1 regentado por Manuel Su\u00f1er desde 1999, a\u00f1o en el que plant\u00f3 una finca de merlot y diversas tipolog\u00edas de vid negra. En su tarea le acompa\u00f1a su hija, en\u00f3loga de profesi\u00f3n, y con un alto inter\u00e9s para continuar con la tradici\u00f3n familiar. Se el mismo a\u00f1o en que Manuel Su\u00f1er inici\u00f3 la regencia que se realiz\u00f3 una remodelaci\u00f3n de la casa solariega, la cual hoy en d\u00eda se la bodega de Vinos y Aceites Su\u00f1er.<\/p>\n<p>Las Tierras del Ebro es un marco incomparable para el cultivo de las vi\u00f1as. En vinos y aceites Su\u00f1er, para elaborar nuestro vino de las tierras del Ebro, contamos con 3,58 hect\u00e1reas de vi\u00f1as, plantadas el mismo 1999. Concretamente en Vinos Su\u00f1er contamos con vi\u00f1edos para producir nuestro vino merlot, el vino macabeo y el vino Rogier merlot. El territorio donde se encuentran los vi\u00f1edos es un suelo de piedra arenoso en un \u00e1rea de secano, que se encuentra a 200 metros aproximadamente del nivel del mar. Las Vinus se encuentran situadas en la ribera del r\u00edo Ebro.<\/p>\n<p>Desde los inicios de Vinos y Aceites Su\u00f1er, podemos decir que se en 1999 cuando comienza su crecimiento m\u00e1s importante y que hace que hoy en d\u00eda pueda ofrecer el mejor vino de las Tierras del Ebro.<\/p>\n[\/expand]\n","protected":false},"excerpt":{"rendered":"<p>[expand title=\u00bb\u00bb] Vino de las Tierras del Ebro Vino de las Tierras del Ebro de la mejor calidad. La bodega de Vinos y Aceites Su\u00f1er est\u00e1 regentado por Manuel Su\u00f1er desde 1999, a\u00f1o en el que plant\u00f3 una finca de merlot y diversas tipolog\u00edas de vid negra. En su tarea le acompa\u00f1a su hija, en\u00f3loga<\/p>\n","protected":false},"author":1,"featured_media":0,"parent":0,"menu_order":0,"comment_status":"closed","ping_status":"open","template":"","meta":{"footnotes":""},"class_list":["post-906","page","type-page","status-publish","hentry","prodpage-classic"],"yoast_head":"<!-- This site is optimized with the Yoast SEO plugin v25.2 - https:\/\/yoast.com\/wordpress\/plugins\/seo\/ -->\n<title>Vino de las Terres de l&#039;Ebre | Vins i Olis Su\u00f1er<\/title>\n<meta name=\"description\" content=\"Vino de las Tierras del Ebro de la mejor calidad. La bodega de Vinos y Aceites Su\u00f1er est\u00e1 regentado por Manuel Su\u00f1er desde 1999. \u00a1Conoce su historia ahora!\" \/>\n<meta name=\"robots\" content=\"index, follow, max-snippet:-1, max-image-preview:large, max-video-preview:-1\" \/>\n<link rel=\"canonical\" href=\"https:\/\/vinsiolisuner.com\/es\/vino-de-las-tierras-del-ebro\/\" \/>\n<meta property=\"og:locale\" content=\"es_ES\" \/>\n<meta property=\"og:type\" content=\"article\" \/>\n<meta property=\"og:title\" content=\"Vino de las Terres de l&#039;Ebre | Vins i Olis Su\u00f1er\" \/>\n<meta property=\"og:description\" content=\"Vino de las Tierras del Ebro de la mejor calidad. La bodega de Vinos y Aceites Su\u00f1er est\u00e1 regentado por Manuel Su\u00f1er desde 1999. \u00a1Conoce su historia ahora!\" \/>\n<meta property=\"og:url\" content=\"https:\/\/vinsiolisuner.com\/es\/vino-de-las-tierras-del-ebro\/\" \/>\n<meta property=\"og:site_name\" content=\"Vins i Olis Su\u00f1er\" \/>\n<meta property=\"article:modified_time\" content=\"2020-04-08T17:03:40+00:00\" \/>\n<meta name=\"twitter:label1\" content=\"Tiempo de lectura\" \/>\n\t<meta name=\"twitter:data1\" content=\"1 minuto\" \/>\n<script type=\"application\/ld+json\" class=\"yoast-schema-graph\">{\"@context\":\"https:\/\/schema.org\",\"@graph\":[{\"@type\":\"WebPage\",\"@id\":\"https:\/\/vinsiolisuner.com\/es\/vino-de-las-tierras-del-ebro\/\",\"url\":\"https:\/\/vinsiolisuner.com\/es\/vino-de-las-tierras-del-ebro\/\",\"name\":\"Vino de las Terres de l'Ebre | Vins i Olis Su\u00f1er\",\"isPartOf\":{\"@id\":\"https:\/\/vinsiolisuner.com\/#website\"},\"datePublished\":\"2015-08-05T12:06:17+00:00\",\"dateModified\":\"2020-04-08T17:03:40+00:00\",\"description\":\"Vino de las Tierras del Ebro de la mejor calidad. La bodega de Vinos y Aceites Su\u00f1er est\u00e1 regentado por Manuel Su\u00f1er desde 1999. \u00a1Conoce su historia ahora!\",\"breadcrumb\":{\"@id\":\"https:\/\/vinsiolisuner.com\/es\/vino-de-las-tierras-del-ebro\/#breadcrumb\"},\"inLanguage\":\"es\",\"potentialAction\":[{\"@type\":\"ReadAction\",\"target\":[\"https:\/\/vinsiolisuner.com\/es\/vino-de-las-tierras-del-ebro\/\"]}]},{\"@type\":\"BreadcrumbList\",\"@id\":\"https:\/\/vinsiolisuner.com\/es\/vino-de-las-tierras-del-ebro\/#breadcrumb\",\"itemListElement\":[{\"@type\":\"ListItem\",\"position\":1,\"name\":\"Portada\",\"item\":\"https:\/\/vinsiolisuner.com\/es\/\"},{\"@type\":\"ListItem\",\"position\":2,\"name\":\"Vino de las Terres de l&#8217;Ebre\"}]},{\"@type\":\"WebSite\",\"@id\":\"https:\/\/vinsiolisuner.com\/#website\",\"url\":\"https:\/\/vinsiolisuner.com\/\",\"name\":\"Vins i Olis Su\u00f1er\",\"description\":\"Vins i Olis Su\u00f1er\",\"potentialAction\":[{\"@type\":\"SearchAction\",\"target\":{\"@type\":\"EntryPoint\",\"urlTemplate\":\"https:\/\/vinsiolisuner.com\/?s={search_term_string}\"},\"query-input\":{\"@type\":\"PropertyValueSpecification\",\"valueRequired\":true,\"valueName\":\"search_term_string\"}}],\"inLanguage\":\"es\"}]}<\/script>\n<!-- \/ Yoast SEO plugin. -->","yoast_head_json":{"title":"Vino de las Terres de l'Ebre | Vins i Olis Su\u00f1er","description":"Vino de las Tierras del Ebro de la mejor calidad. La bodega de Vinos y Aceites Su\u00f1er est\u00e1 regentado por Manuel Su\u00f1er desde 1999. \u00a1Conoce su historia ahora!","robots":{"index":"index","follow":"follow","max-snippet":"max-snippet:-1","max-image-preview":"max-image-preview:large","max-video-preview":"max-video-preview:-1"},"canonical":"https:\/\/vinsiolisuner.com\/es\/vino-de-las-tierras-del-ebro\/","og_locale":"es_ES","og_type":"article","og_title":"Vino de las Terres de l'Ebre | Vins i Olis Su\u00f1er","og_description":"Vino de las Tierras del Ebro de la mejor calidad. La bodega de Vinos y Aceites Su\u00f1er est\u00e1 regentado por Manuel Su\u00f1er desde 1999. \u00a1Conoce su historia ahora!","og_url":"https:\/\/vinsiolisuner.com\/es\/vino-de-las-tierras-del-ebro\/","og_site_name":"Vins i Olis Su\u00f1er","article_modified_time":"2020-04-08T17:03:40+00:00","twitter_misc":{"Tiempo de lectura":"1 minuto"},"schema":{"@context":"https:\/\/schema.org","@graph":[{"@type":"WebPage","@id":"https:\/\/vinsiolisuner.com\/es\/vino-de-las-tierras-del-ebro\/","url":"https:\/\/vinsiolisuner.com\/es\/vino-de-las-tierras-del-ebro\/","name":"Vino de las Terres de l'Ebre | Vins i Olis Su\u00f1er","isPartOf":{"@id":"https:\/\/vinsiolisuner.com\/#website"},"datePublished":"2015-08-05T12:06:17+00:00","dateModified":"2020-04-08T17:03:40+00:00","description":"Vino de las Tierras del Ebro de la mejor calidad. La bodega de Vinos y Aceites Su\u00f1er est\u00e1 regentado por Manuel Su\u00f1er desde 1999. \u00a1Conoce su historia ahora!","breadcrumb":{"@id":"https:\/\/vinsiolisuner.com\/es\/vino-de-las-tierras-del-ebro\/#breadcrumb"},"inLanguage":"es","potentialAction":[{"@type":"ReadAction","target":["https:\/\/vinsiolisuner.com\/es\/vino-de-las-tierras-del-ebro\/"]}]},{"@type":"BreadcrumbList","@id":"https:\/\/vinsiolisuner.com\/es\/vino-de-las-tierras-del-ebro\/#breadcrumb","itemListElement":[{"@type":"ListItem","position":1,"name":"Portada","item":"https:\/\/vinsiolisuner.com\/es\/"},{"@type":"ListItem","position":2,"name":"Vino de las Terres de l&#8217;Ebre"}]},{"@type":"WebSite","@id":"https:\/\/vinsiolisuner.com\/#website","url":"https:\/\/vinsiolisuner.com\/","name":"Vins i Olis Su\u00f1er","description":"Vins i Olis Su\u00f1er","potentialAction":[{"@type":"SearchAction","target":{"@type":"EntryPoint","urlTemplate":"https:\/\/vinsiolisuner.com\/?s={search_term_string}"},"query-input":{"@type":"PropertyValueSpecification","valueRequired":true,"valueName":"search_term_string"}}],"inLanguage":"es"}]}},"_links":{"self":[{"href":"https:\/\/vinsiolisuner.com\/es\/wp-json\/wp\/v2\/pages\/906","targetHints":{"allow":["GET"]}}],"collection":[{"href":"https:\/\/vinsiolisuner.com\/es\/wp-json\/wp\/v2\/pages"}],"about":[{"href":"https:\/\/vinsiolisuner.com\/es\/wp-json\/wp\/v2\/types\/page"}],"author":[{"embeddable":true,"href":"https:\/\/vinsiolisuner.com\/es\/wp-json\/wp\/v2\/users\/1"}],"replies":[{"embeddable":true,"href":"https:\/\/vinsiolisuner.com\/es\/wp-json\/wp\/v2\/comments?post=906"}],"version-history":[{"count":5,"href":"https:\/\/vinsiolisuner.com\/es\/wp-json\/wp\/v2\/pages\/906\/revisions"}],"predecessor-version":[{"id":17315,"href":"https:\/\/vinsiolisuner.com\/es\/wp-json\/wp\/v2\/pages\/906\/revisions\/17315"}],"wp:attachment":[{"href":"https:\/\/vinsiolisuner.com\/es\/wp-json\/wp\/v2\/media?parent=906"}],"curies":[{"name":"wp","href":"https:\/\/api.w.org\/{rel}","templated":true}]}}